{"id":9753,"date":"2021-02-24T22:00:49","date_gmt":"2021-11-26T12:39:26","guid":{"rendered":"https:\/\/webshop.romahaus.nl\/product\/milano-mit-veranda-2\/"},"modified":"2023-04-25T08:54:33","modified_gmt":"2023-04-25T06:54:33","slug":"milano-veranda","status":"publish","type":"product","link":"https:\/\/webshop.romahaus.nl\/de\/produkt\/milano-veranda\/","title":{"rendered":"Kunststoff-Gartenhaus Milano Pultdach Veranda"},"content":{"rendered":"<p><span class=\"y2iqfc\">Kunststoff-Gartenh\u00e4user mit Pultdach und \u00fcberdachter Terrasse lassen sich zu jeder Jahreszeit optimal nutzen. Pultdach Gartenhaus Milano mit Veranda kombiniert einen geschlossenen Raum mit einer freifl\u00e4chigen \u00dcberdachung. Nutzen Sie Ihr Pultdach-Gartenhaus mit Veranda in den Sommermonaten als geselliges Sommergartenhaus, im Winter als isolierten Stauraum f\u00fcr Ihre Gartenger\u00e4te, Fahrr\u00e4der und Gartenm\u00f6bel. Die W\u00e4nde vom Modell Milano bestehen aus einer Holzkonstruktion mit Wandprofilen aus recycelbarem Kunststoff. Die Wandprofile sind mit feiner Holzstrukturpr\u00e4gung in Wei\u00df oder Cremewei\u00df oder mit Dekorfolie in diversen RAL-Farbt\u00f6nen erh\u00e4ltlich. Auch Holzdekore stehen zur Auswahl. Das Dach mit leichter Dachneigung besteht aus ged\u00e4mmten Sandwichpaneelen als Dacheindeckung und ist an R\u00fcckseite mit einer Aluminium Dachrinne inklusiv Fallrohr versehen. Der Dach\u00fcberstand betr\u00e4gt vorne und seitlich 190 mm. <span class=\"Y2IQFc\" lang=\"de\">Die Eckprofile sowie Pfosten der Veranda sind aus Aluminium. Die Kunststoffvert\u00e4felung der Veranda bietet Platz f\u00fcr LED-Strahler. Ein attraktives Extra, um noch mehr von Ihrem Kunststoff-Gartenhaus zu genie\u00dfen! Sie w\u00fcnschen eine geschlossene Seitenwand f\u00fcr die Veranda? Modell Milano mit Veranda l\u00e4sst sich ganz nach Ihren W\u00fcnschen anpassen. Kunststoff-Gartenhaus Milano mit Veranda wird in vorgefertigte Wandpaneele, ohne <a href=\"https:\/\/webshop.romahaus.nl\/de\/boden-fundament-2\/\">Boden und Fundament<\/a>, geliefert. <\/span><\/span><\/p>\n<p>&nbsp;<\/p>\n","protected":false},"excerpt":{"rendered":"<p><strong>Diverse Farbkombinationen<\/strong><\/p>\n<p>Kunststoff Wandprofile, 58 mm<br \/>\nEckschienen Aluminium<br \/>\nDach aus isolierten Sandwichplatten<br \/>\nDachrinne inklusive Fallrohr<br \/>\nDachleisten in diversen Farben, 190 mm<br \/>\nDoppelt\u00fcr 1600 x 1950 mm<\/p>\n<p><strong>Kunststofft\u00fcr in Breiten-und H\u00f6henma\u00df variabel, <\/strong><br \/>\n<strong>optional mit zus\u00e4tzlichen Fenstern<\/strong><\/p>\n<p><strong>Au\u00dferdem:<\/strong><br \/>\n-Kunststoffvert\u00e4felung unter der Veranda<br \/>\n-geschlossene R\u00fcckwand<\/p>\n<p><strong>Die Gesamtbreite ist inkl. der Breite von 3500 mm f\u00fcr die Veranda.<\/strong><\/p>\n<p>&nbsp;<\/p>\n","protected":false},"featured_media":7092,"template":"","meta":{"_acf_changed":false,"_seopress_robots_primary_cat":"none","_seopress_titles_title":"","_seopress_titles_desc":"","_seopress_robots_index":""},"product_brand":[],"product_cat":[173,168,176],"product_tag":[697,666,742,737,696],"class_list":{"0":"post-9753","1":"product","2":"type-product","3":"status-publish","4":"has-post-thumbnail","6":"product_cat-gartenhaus-mit-veranda","7":"product_cat-modelle","8":"product_cat-veranda-de-2","9":"product_tag-flachdach-de","10":"product_tag-sandwichpaneele","11":"product_tag-terrasse","12":"product_tag-uberdachung","13":"product_tag-veranda-de","15":"first","16":"instock","17":"taxable","18":"shipping-taxable","19":"purchasable","20":"product-type-variable","21":"has-default-attributes","22":"wvs-archive-product-wrapper"},"composite_layout":"","composite_add_to_cart_form_location":"","composite_editable_in_cart":false,"composite_sold_individually_context":"","composite_shop_price_calc":"","composite_components":[],"composite_scenarios":[],"acf":[],"_links":{"self":[{"href":"https:\/\/webshop.romahaus.nl\/de\/wp-json\/wp\/v2\/product\/9753","targetHints":{"allow":["GET"]}}],"collection":[{"href":"https:\/\/webshop.romahaus.nl\/de\/wp-json\/wp\/v2\/product"}],"about":[{"href":"https:\/\/webshop.romahaus.nl\/de\/wp-json\/wp\/v2\/types\/product"}],"wp:featuredmedia":[{"embeddable":true,"href":"https:\/\/webshop.romahaus.nl\/de\/wp-json\/wp\/v2\/media\/7092"}],"wp:attachment":[{"href":"https:\/\/webshop.romahaus.nl\/de\/wp-json\/wp\/v2\/media?parent=9753"}],"wp:term":[{"taxonomy":"product_brand","embeddable":true,"href":"https:\/\/webshop.romahaus.nl\/de\/wp-json\/wp\/v2\/product_brand?post=9753"},{"taxonomy":"product_cat","embeddable":true,"href":"https:\/\/webshop.romahaus.nl\/de\/wp-json\/wp\/v2\/product_cat?post=9753"},{"taxonomy":"product_tag","embeddable":true,"href":"https:\/\/webshop.romahaus.nl\/de\/wp-json\/wp\/v2\/product_tag?post=9753"}],"curies":[{"name":"wp","href":"https:\/\/api.w.org\/{rel}","templated":true}]}}